{"id":19353,"date":"1999-01-01T05:01:00","date_gmt":"1999-01-01T04:01:00","guid":{"rendered":"https:\/\/sanfrancesco800.cultura.gov.it\/?post_type=project&#038;p=19353"},"modified":"2026-02-10T17:37:19","modified_gmt":"2026-02-10T16:37:19","slug":"pizzaballa-in-terra-santa-ricostruire-la-fiducia-con-azioni-e-gesti-concreti","status":"publish","type":"project","link":"https:\/\/sanfrancesco800.cultura.gov.it\/?project=pizzaballa-in-terra-santa-ricostruire-la-fiducia-con-azioni-e-gesti-concreti","title":{"rendered":"Pizzaballa: in Terra Santa ricostruire la fiducia con azioni e gesti concreti"},"content":{"rendered":"\n<!--more-->\n\n\n\n<p>Il patriarca di Gerusalemme dei latini \u00e8 intervenuto a un evento organizzato dal Comitato nazionale per l\u2019ottavo centenario della morte di San Francesco nella chiesa di San Francesco a Ripa, a Roma. &#8220;I rapporti tra israeliani e palestinesi sono lacerati, ci vorr\u00e0 molto tempo. Per costruire la pace non bastano le parole&#8221;. Poi l&#8217;appello: \u201cPer la comunit\u00e0 cristiana \u00e8 fondamentale esserci. In Terra Santa tornino i pellegrini\u201d<\/p>\n\n\n\n<p>\u201cPurtroppo in questo momento\u201d, dopo quanto \u00e8 successo e ancora sta succedendo a Gaza, \u201c\u00e8 difficile vedere una soluzione a breve termine\u201d tra israeliani e palestinesi: \u201cLe ferite sono ancora profonde, le popolazioni sono disorientate, con una leadership debole. Non c\u2019\u00e8 una visione chiara del futuro, dove l\u2019altro \u00e8 accanto a te e, in qualche modo, dentro di te. Gli uni non vogliono sentir parlare degli altri, la relazione si \u00e8 rotta, e questo \u00e8 il primo punto da considerare a da cui partire\u201d. Non sono espressione di rassegnazione le parole del cardinale Pierbattista Pizzaballa, patriarca di Gerusalemme dei latini &#8211; intervenuto a un incontro presso la chiesa di San Francesco a Ripa, a Roma, organizzato dal Comitato nazionale per l\u2019ottavo centenario della morte di San Francesco -, ma della concreta consapevolezza di quanto sia in salita la strada che porta alla riconciliazione e alla pace.<\/p>\n\n\n\n<h2 class=\"wp-block-heading\">Il 7 ottobre e la guerra a Gaza \u201ceventi senza precedenti\u201d<\/h2>\n\n\n\n<p>Il 7 ottobre e la guerra che ne \u00e8 seguita \u201csono stati eventi senza precedenti\u201d. \u201cE anche noi non abbiamo capito subito la portata di quanto era accaduto con l\u2019attacco di Hamas e, successivamente, di quanto stava per avvenire con la risposta dell\u2019Idf. Si pensava a una <em>retaliation<\/em>, come tante altre ce n\u2019erano state in precedenza, invece ormai erano saltati tutti i parametri a noi noti\u201d, ha ammesso, intervistato dalla corrispondente Rai a Gerusalemme, Maria Gianniti.&nbsp;<\/p>\n\n\n\n<h2 class=\"wp-block-heading\">Perplessit\u00e0 sul &#8220;Board of peace&#8221;<\/h2>\n\n\n\n<p>E alla domanda sul progetto del \u201cBoard of peace\u201d, il patriarca ha espresso la sua perplessit\u00e0 su qualsiasi operazione che sembri seguire prevalentemente logiche di tutela e di controllo dei propri interessi da parte delle grandi potenze senza il riconoscimento effettivo del popolo palestinese e dei suoi diritti.<\/p>\n\n\n\n<h2 class=\"wp-block-heading\">La necessit\u00e0 di azioni concrete<\/h2>\n\n\n\n<p>\u201cLa pace e la riconciliazione\u201d, ha spiegato di fronte a una platea che ha riempito le navate di quella che viene considerata la \u201ccasa romana\u201d del Poverello di Assisi nel cuore del quartiere Trastevere, \u201csono perci\u00f2 concetti bellissimi, ma che rischiano di rimanere degli slogan se non accompagnati oggi da azioni tangibili, gesti, testimonianze, che mostrino anche fisicamente la possibilit\u00e0 di ricostruire la fiducia\u201d. Non sar\u00e0 facile, n\u00e9 scontato, ma \u201cdobbiamo essere coscienti che prima di tutto bisogna creare occasioni di incontro, nonch\u00e9 contesti culturali e sociali che un po\u2019 alla volta aiutino a pensare in maniera diversa. Le parole non bastano\u201d. Poi, \u201cci vogliono leadership politiche, ma anche religiose, che, da entrambe le parti, abbiano un minimo di visione, e non fondino la propria autorit\u00e0 solo sulla rabbia e la sete di vendetta\u201d. Un processo che richieder\u00e0 tempo: \u201cIntanto, bisogna tenere duro, convinti che non si pu\u00f2 lasciare la narrativa agli estremisti, Hamas o coloni che siano. E, per noi della comunit\u00e0 cristiana, che l\u2019importante in questa fase \u00e8 esserci, rimanendo noi stessi. La Terra Santa ci insegna che essere minoranza non \u00e8 un dramma, se si ha qualcosa di bello e di grande da comunicare. E noi lo abbiamo\u201d. Bisogna \u201csaper ascoltare, per capire cosa ci dice la fede in questo momento preciso: per quanto mi riguarda, la mia vita appartiene a Dio e a Cristo, perci\u00f2 \u00e8 stato per me naturale rispondere s\u00ec alla domanda se fossi disposto a offrirmi in cambio degli ostaggi detenuti a Gaza\u201d. I cristiani possono essere segno di unit\u00e0, \u201ccome lo fu San Francesco, che divenne segno per tutti perch\u00e9 commosso per Cristo\u201d, ha sottolineato. \u201cPer questo la sua testimonianza ha attraversato i secoli e ci parla ancora oggi\u201d. Papa Leone XIV nella sua Lettera ai ministri generali della Famiglia francescana ha ricordato come \u201cla sua vita indica la sorgente autentica della pace\u201d.<\/p>\n\n\n\n<h2 class=\"wp-block-heading\">Le quattro volte nella Striscia durante la guerra<\/h2>\n\n\n\n<p>Pizzaballa ha dunque ripercorso la sua esperienza in Terra Santa, dal 1990 quando vi giunse come giovane studente dello Studio biblico francescano, fino agli anni da Custode e a quelli, ora, da patriarca di Gerusalemme dei latini. E dopo le parole introduttive e di saluto di padre Paolo Maiello, frate francescano e vicario della Provincia San Bonaventura, e del poeta Davide Rondoni, presidente del Comitato nazionale per l\u2019ottavo centenario della morte di San Francesco, ha poi dato una testimonianza delle sue quattro visite nella Striscia durante la guerra. \u201cLa prima volta, nel maggio 2024, \u00e8 stato impressionante non riuscire a riconoscere luoghi a me noti, vedere gli occhi della gente terrorizzata di quanto stava accadendo, toccare la commozione dei bambini\u201d. La seconda, \u201cpoco prima di Natale dello stesso anno, era subentrata la stanchezza nella popolazione, c\u2019era un disorientamento generale, la fame era evidente, la distruzione sempre maggiore, gli ospedali fuori uso\u201d. Nel luglio 2025 \u201c\u00e8 stato il momento pi\u00f9 difficile. Siamo entrati dopo l\u2019uccisione di tre persone nella parrocchia della Sacra Famiglia e mentre l\u2019Idf stava preparando l\u2019offensiva su Gaza City, e venni colpito dagli odori, della distruzione, della morte. Non li dimenticher\u00f2 mai\u201d. L\u2019ultima volta, prima di Natale dell\u2019anno scorso, \u201csi notava gi\u00e0 una voglia di riprendere la vita, ho visto volti pieni di dignit\u00e0 nonostante tutto ci\u00f2 che era successo\u201d. Dagli aiuti alimentari \u201csiamo passati a fornire medicinali, soprattutto antibiotici, per permettere agli ospedali di curare le persone\u201d.<\/p>\n\n\n\n<h2 class=\"wp-block-heading\">La situazione dei cristiani in Terra Santa<\/h2>\n\n\n\n<p>Le difficolt\u00e0 anche per i cristiani sono notevoli, ha evidenziato ancora il patriarca. \u201cLa nostra presenza si \u00e8 ridotta in maniera drammatica in Terra Santa, da quando sono arrivato nel 1990. Solo dall\u2019inizio della guerra sono partite da Betlemme almeno un centinaio di famiglie. Poi purtroppo, in moltissimi, non c\u2019\u00e8 pi\u00f9 fiducia che le cose possano cambiare, almeno nel prossimo futuro. Noi lavoriamo perch\u00e9 tutti possano rimanere, ma non possiamo giudicare chi decide di non farlo. Ci vuole un grande coraggio per restare\u201d. Anche nella parrocchia di Gaza City \u201channo sofferto dolori indicibili, c\u2019era bisogno di tutto. E soprattutto \u2013 oltre alle cose materiali, come cibo, acqua, medicinali \u2013 c\u2019era bisogno di cuore, di empatia, che essi hanno poi trovato nella vicinanza del Papa e di tutta la Chiesa\u201d. A ci\u00f2 oggi si aggiunge ci\u00f2 che accade in Cisgiordania, in particolare a causa dei coloni israeliani. \u201cNell\u2019unico villaggio cristiano, Taybeh, c\u2019\u00e8 stato un nuovo attacco pochi giorni fa; ma contro i palestinesi in generale, tanto musulmani quanto cristiani, ci sono violenze di ogni tipo: si impedisce loro di lavorare, vengono privati dei loro terreni, subiscono assalti armati e atti vandalici, le loro case vengono devastate, abbattute o requisite\u201d. Le \u201cnostre 13 scuole di Gerusalemme\u201d, ha ricordato ancora il cardinale, \u201channo costanti problemi con i permessi degli insegnanti che vengono in particolare da Betlemme. Ed \u00e8 faticoso dover lavorare ogni giorno per cose che sembrano apparentemente banali, diritti che dovrebbero essere ormai accertati\u201d.<\/p>\n\n\n\n<h2 class=\"wp-block-heading\">La soluzione due popoli due Stati<\/h2>\n\n\n\n<p>Quanto alla soluzione \u201cdue popoli due Stati\u201d, il cardinale ha ammesso quanto sia complicato riuscire a pensarla e concretizzarla, al momento attuale, \u201ceppure \u00e8 una cosa su cui si deve lavorare, i palestinesi hanno diritto di sentirsi popolo e di avere uno Stato. Anche gi\u00e0 affermare questa possibilit\u00e0 \u00e8 un atto di giustizia, \u00e8 aiutarli a continuare a coltivare il sogno di avere un domani una casa tutta per loro\u201d.<\/p>\n\n\n\n<h2 class=\"wp-block-heading\">L\u2019appello per i pellegrinaggi<\/h2>\n\n\n\n<p>Infine, un appello al ritorno dei pellegrini. \u201c\u00c8 tempo di tornare. Basta con le emergenze, \u00e8 tempo di darsi coraggio. Si pu\u00f2 venire in Terra Santa, si deve farlo, Betlemme e Gerusalemme sono sicure. Ora abbiamo bisogno di vedere che la chiesa e la comunit\u00e0 cristiana c\u2019\u00e8, \u00e8 presente anche fisicamente\u201d, conclude. Tra l\u2019altro, \u201c\u00e8 un atto anche per dire a palestinesi e israeliani che ci siamo anche noi in questa terra, che anche noi qui abbiamo le nostre radici\u201d.<\/p>\n\n\n\n<p>Nel corso della serata, accompagnata da intermezzi musicali del duo organo-tenore, \u00e8 stata anche lanciata la raccolta fondi della &#8220;Fondazione Italia per il dono&#8221; per un progetto a Gerusalemme intitolato \u201cChristian Women and Youth Empowerment\u201d, che ha l\u2019obiettivo di favorire l\u2019occupazione di donne e giovani cristiani del territorio, permettendo anche lo sviluppo di iniziative imprenditoriali.<\/p>\n\n\n\n<figure class=\"wp-block-gallery has-nested-images columns-default is-cropped wp-block-gallery-1 is-layout-flex wp-block-gallery-is-layout-flex\">\n<figure class=\"wp-block-image size-large\"><img loading=\"lazy\" decoding=\"async\" width=\"1024\" height=\"682\" data-id=\"19358\" src=\"https:\/\/sanfrancesco800.cultura.gov.it\/wp-content\/uploads\/1999\/01\/3-1024x682.jpeg\" alt=\"\" class=\"wp-image-19358\" srcset=\"https:\/\/sanfrancesco800.cultura.gov.it\/wp-content\/uploads\/1999\/01\/3-1024x682.jpeg 1024w, https:\/\/sanfrancesco800.cultura.gov.it\/wp-content\/uploads\/1999\/01\/3-300x200.jpeg 300w, https:\/\/sanfrancesco800.cultura.gov.it\/wp-content\/uploads\/1999\/01\/3-768x512.jpeg 768w, https:\/\/sanfrancesco800.cultura.gov.it\/wp-content\/uploads\/1999\/01\/3-1536x1023.jpeg 1536w, https:\/\/sanfrancesco800.cultura.gov.it\/wp-content\/uploads\/1999\/01\/3-580x386.jpeg 580w, https:\/\/sanfrancesco800.cultura.gov.it\/wp-content\/uploads\/1999\/01\/3-860x573.jpeg 860w, https:\/\/sanfrancesco800.cultura.gov.it\/wp-content\/uploads\/1999\/01\/3-1160x773.jpeg 1160w, https:\/\/sanfrancesco800.cultura.gov.it\/wp-content\/uploads\/1999\/01\/3.jpeg 2048w\" sizes=\"auto, (max-width: 1024px) 100vw, 1024px\" \/><\/figure>\n\n\n\n<figure class=\"wp-block-image size-large\"><img loading=\"lazy\" decoding=\"async\" width=\"2048\" height=\"1364\" data-id=\"19359\" src=\"https:\/\/sanfrancesco800.cultura.gov.it\/wp-content\/uploads\/1999\/01\/2-1024x682.jpeg\" alt=\"\" class=\"wp-image-19359\" srcset=\"https:\/\/sanfrancesco800.cultura.gov.it\/wp-content\/uploads\/1999\/01\/2-1024x682.jpeg 1024w, https:\/\/sanfrancesco800.cultura.gov.it\/wp-content\/uploads\/1999\/01\/2-300x200.jpeg 300w, https:\/\/sanfrancesco800.cultura.gov.it\/wp-content\/uploads\/1999\/01\/2-768x512.jpeg 768w, https:\/\/sanfrancesco800.cultura.gov.it\/wp-content\/uploads\/1999\/01\/2-1536x1023.jpeg 1536w, https:\/\/sanfrancesco800.cultura.gov.it\/wp-content\/uploads\/1999\/01\/2-580x386.jpeg 580w, https:\/\/sanfrancesco800.cultura.gov.it\/wp-content\/uploads\/1999\/01\/2-860x573.jpeg 860w, https:\/\/sanfrancesco800.cultura.gov.it\/wp-content\/uploads\/1999\/01\/2-1160x773.jpeg 1160w, https:\/\/sanfrancesco800.cultura.gov.it\/wp-content\/uploads\/1999\/01\/2.jpeg 2048w\" sizes=\"auto, (max-width: 2048px) 100vw, 2048px\" \/><\/figure>\n\n\n\n<figure class=\"wp-block-image size-large\"><img loading=\"lazy\" decoding=\"async\" width=\"1024\" height=\"682\" data-id=\"19360\" src=\"https:\/\/sanfrancesco800.cultura.gov.it\/wp-content\/uploads\/1999\/01\/1-1024x682.jpeg\" alt=\"\" class=\"wp-image-19360\" srcset=\"https:\/\/sanfrancesco800.cultura.gov.it\/wp-content\/uploads\/1999\/01\/1-1024x682.jpeg 1024w, https:\/\/sanfrancesco800.cultura.gov.it\/wp-content\/uploads\/1999\/01\/1-300x200.jpeg 300w, https:\/\/sanfrancesco800.cultura.gov.it\/wp-content\/uploads\/1999\/01\/1-768x512.jpeg 768w, https:\/\/sanfrancesco800.cultura.gov.it\/wp-content\/uploads\/1999\/01\/1-1536x1023.jpeg 1536w, https:\/\/sanfrancesco800.cultura.gov.it\/wp-content\/uploads\/1999\/01\/1-580x386.jpeg 580w, https:\/\/sanfrancesco800.cultura.gov.it\/wp-content\/uploads\/1999\/01\/1-860x573.jpeg 860w, https:\/\/sanfrancesco800.cultura.gov.it\/wp-content\/uploads\/1999\/01\/1-1160x773.jpeg 1160w, https:\/\/sanfrancesco800.cultura.gov.it\/wp-content\/uploads\/1999\/01\/1.jpeg 2048w\" sizes=\"auto, (max-width: 1024px) 100vw, 1024px\" \/><\/figure>\n\n\n\n<figure class=\"wp-block-image size-large\"><img loading=\"lazy\" decoding=\"async\" width=\"1024\" height=\"682\" data-id=\"19361\" src=\"https:\/\/sanfrancesco800.cultura.gov.it\/wp-content\/uploads\/1999\/01\/PHOTO-2026-02-07-10-05-57-1024x682.jpeg\" alt=\"\" class=\"wp-image-19361\" srcset=\"https:\/\/sanfrancesco800.cultura.gov.it\/wp-content\/uploads\/1999\/01\/PHOTO-2026-02-07-10-05-57-1024x682.jpeg 1024w, https:\/\/sanfrancesco800.cultura.gov.it\/wp-content\/uploads\/1999\/01\/PHOTO-2026-02-07-10-05-57-300x200.jpeg 300w, https:\/\/sanfrancesco800.cultura.gov.it\/wp-content\/uploads\/1999\/01\/PHOTO-2026-02-07-10-05-57-768x512.jpeg 768w, https:\/\/sanfrancesco800.cultura.gov.it\/wp-content\/uploads\/1999\/01\/PHOTO-2026-02-07-10-05-57-1536x1023.jpeg 1536w, https:\/\/sanfrancesco800.cultura.gov.it\/wp-content\/uploads\/1999\/01\/PHOTO-2026-02-07-10-05-57-580x386.jpeg 580w, https:\/\/sanfrancesco800.cultura.gov.it\/wp-content\/uploads\/1999\/01\/PHOTO-2026-02-07-10-05-57-860x573.jpeg 860w, https:\/\/sanfrancesco800.cultura.gov.it\/wp-content\/uploads\/1999\/01\/PHOTO-2026-02-07-10-05-57-1160x773.jpeg 1160w, https:\/\/sanfrancesco800.cultura.gov.it\/wp-content\/uploads\/1999\/01\/PHOTO-2026-02-07-10-05-57.jpeg 2048w\" sizes=\"auto, (max-width: 1024px) 100vw, 1024px\" \/><\/figure>\n<\/figure>\n\n\n\n<p>Fonte : <a href=\"https:\/\/www.vaticannews.va\/it\/chiesa\/news\/2026-02\/pizzaballa-ricostruire-la-fiducia-in-terra-santa.html\">https:\/\/www.vaticannews.va\/it\/chiesa\/news\/2026-02\/pizzaballa-ricostruire-la-fiducia-in-terra-santa.html<\/a><\/p>\n\n\n\n<p>Crediti : <strong>Roberto Paglialonga <\/strong><\/p>\n\n\n\n<p>Crediti foto : <strong>Cristian Gennari<\/strong><\/p>\n","protected":false},"excerpt":{"rendered":"","protected":false},"author":1,"featured_media":19354,"menu_order":0,"comment_status":"closed","ping_status":"closed","template":"","format":"standard","meta":{"footnotes":""},"pj-categs":[38],"pj-tags":[],"class_list":["post-19353","project","type-project","status-publish","format-standard","has-post-thumbnail","hentry","pj-categs-eventi"],"_links":{"self":[{"href":"https:\/\/sanfrancesco800.cultura.gov.it\/index.php?rest_route=\/wp\/v2\/project\/19353","targetHints":{"allow":["GET"]}}],"collection":[{"href":"https:\/\/sanfrancesco800.cultura.gov.it\/index.php?rest_route=\/wp\/v2\/project"}],"about":[{"href":"https:\/\/sanfrancesco800.cultura.gov.it\/index.php?rest_route=\/wp\/v2\/types\/project"}],"author":[{"embeddable":true,"href":"https:\/\/sanfrancesco800.cultura.gov.it\/index.php?rest_route=\/wp\/v2\/users\/1"}],"replies":[{"embeddable":true,"href":"https:\/\/sanfrancesco800.cultura.gov.it\/index.php?rest_route=%2Fwp%2Fv2%2Fcomments&post=19353"}],"version-history":[{"count":3,"href":"https:\/\/sanfrancesco800.cultura.gov.it\/index.php?rest_route=\/wp\/v2\/project\/19353\/revisions"}],"predecessor-version":[{"id":19370,"href":"https:\/\/sanfrancesco800.cultura.gov.it\/index.php?rest_route=\/wp\/v2\/project\/19353\/revisions\/19370"}],"wp:featuredmedia":[{"embeddable":true,"href":"https:\/\/sanfrancesco800.cultura.gov.it\/index.php?rest_route=\/wp\/v2\/media\/19354"}],"wp:attachment":[{"href":"https:\/\/sanfrancesco800.cultura.gov.it\/index.php?rest_route=%2Fwp%2Fv2%2Fmedia&parent=19353"}],"wp:term":[{"taxonomy":"pj-categs","embeddable":true,"href":"https:\/\/sanfrancesco800.cultura.gov.it\/index.php?rest_route=%2Fwp%2Fv2%2Fpj-categs&post=19353"},{"taxonomy":"pj-tags","embeddable":true,"href":"https:\/\/sanfrancesco800.cultura.gov.it\/index.php?rest_route=%2Fwp%2Fv2%2Fpj-tags&post=19353"}],"curies":[{"name":"wp","href":"https:\/\/api.w.org\/{rel}","templated":true}]}}