{"id":19042,"date":"1999-01-01T06:47:00","date_gmt":"1999-01-01T05:47:00","guid":{"rendered":"https:\/\/sanfrancesco800.cultura.gov.it\/?post_type=project&#038;p=19042"},"modified":"2026-01-29T10:35:21","modified_gmt":"2026-01-29T09:35:21","slug":"giotto-e-san-francesco-una-rivoluzione-nellumbria-del-trecento","status":"publish","type":"project","link":"https:\/\/sanfrancesco800.cultura.gov.it\/?project=giotto-e-san-francesco-una-rivoluzione-nellumbria-del-trecento","title":{"rendered":"GIOTTO E SAN FRANCESCO Una rivoluzione nell\u2019Umbria del Trecento"},"content":{"rendered":"\n<p class=\"has-text-align-center\">a cura di Veruska Picchiarelli ed Emanuele Zappasodi<\/p>\n\n\n\n<p class=\"has-text-align-center\">PERUGIA<\/p>\n\n\n\n<p class=\"has-text-align-center\">GALLERIA NAZIONALE DELL\u2019UMBRIA<strong>14 MARZO \u2013 14 GIUGNO 2026<\/strong><\/p>\n\n\n\n<p class=\"has-text-align-left\"><strong>L\u2019Umbria celebra l\u2019ottavo centenario della morte di san Francesco d\u2019Assisi con un grande evento espositivo, in programma dal 14 marzo al 14 giugno 2026 alla Galleria Nazionale dell\u2019Umbria a Perugia.<\/strong><\/p>\n\n\n\n<p>La mostra \u00e8 promossa e organizzata dai Musei Nazionali di Perugia \u2013 Direzione regionale Musei nazionali Umbria, in collaborazione con il Comitato Nazionale per le Celebrazioni dell\u2019Ottavo Centenario della morte di san Francesco d\u2019Assisi, la Soprintendenza Archeologia, Belle Arti e Paesaggio dell\u2019Umbria, le Regione Umbria, la Custodia Generale del Sacro Convento di san Francesco, la Provincia Serafica dei Frati Minori di Umbria e Sardegna, l\u2019Arcidiocesi di Perugia \u2013 Citt\u00e0 della Pieve, il Comune di Perugia e Confindustria Umbria. La manifestazione si avvale della collaborazione dell\u2019Archivio di Stato di Perugia e del contributo di Regione Umbria, Camera di Commercio di Perugia, Fondazione Perugia, Fondazione Cassa di Risparmio di Terni e Narni, Fondazione Cassa di Risparmio di Foligno, ARVEDI AST e Nestl\u00e9; media partner RAI Umbria.<\/p>\n\n\n\n<p>La mostra, dal titolo <strong><em>GIOTTO e san Francesco. Una rivoluzione nell\u2019Umbria del Trecento<\/em><\/strong>, curata da Veruska Picchiarelli ed Emanuele Zappasodi, si sofferma sul momento epocale in cui il carisma di Francesco incontra il genio di Giotto per dare vita a una rivoluzione che segna la nascita dell\u2019arte moderna; nell\u2019ultima parte del Duecento, infatti, si assiste al passaggio da un linguaggio forbito e stilizzato, in debito con la tradizione bizantina, della cosiddetta \u201cmaniera greca\u201d, alla rivoluzione figurativa promossa dal maestro fiorentino, capace di imbrigliare e restituire la realt\u00e0 e i suoi affetti con una coerenza e una credibilit\u00e0 fino ad allora del tutto inedite.<\/p>\n\n\n\n<p>Questo trapasso si consum\u00f2 nel cantiere della <strong>Basilica superiore di San Francesco ad Assisi <\/strong>a partire dal 1288; ed \u00e8 proprio nella cittadina umbra che <strong>il giovane Giotto, prima nelle <em>Storie di Isacco<\/em> e poi nella <em>Legenda francescana<\/em>, apr\u00ec la strada a un codice nuovo<\/strong>, destinato a modificare nel profondo l\u2019arte italiana del Trecento.<\/p>\n\n\n\n<p><strong>La centralit\u00e0 di Assisi e della \u201cfabbrica\u201d francescana rimase intatta ancora per alcuni anni<\/strong>, grazie alla presenza di maestri come i senesi <strong>Simone Martini<\/strong>, impegnato nella cappella di San Martino e nel transetto destro della chiesa inferiore, e <strong>Pietro Lorenzetti<\/strong>, al lavoro nelle <em>Storie della Passione <\/em>del transetto sinistro, o il <strong>Maestro di Figline<\/strong>, cui spettano alcune vetrate nella basilica francescana.<\/p>\n\n\n\n<p><strong>La mostra documenter\u00e0 tutta questa straordinaria stagione, attraverso oltre 60 opere, realizzate dai suoi protagonisti pi\u00f9 rappresentativi, quali Giotto, Simone Martini e Pietro Lorenzetti, negli anni in cui furono attivi sui ponteggi della Basilica francescana.<\/strong><\/p>\n\n\n\n<p><strong>Sar\u00e0 altres\u00ec un\u2019occasione unica per valorizzare la grande tradizione artistica dell\u2019Umbria, estendendo lo sguardo su un patrimonio diffuso in tutto il territorio regionale, fino alle localit\u00e0 pi\u00f9 remote.<\/strong><\/p>\n\n\n\n<p>Il percorso espositivo ripercorre tutte le fasi della lunga attivit\u00e0 di <strong>Giotto nella Basilica di San Francesco<\/strong> attraverso opere coeve; a partire dagli esordi, documentati dalla<em> <strong>Madonna col Bambino<\/strong><\/em><strong> della Pieve di San Lorenzo a Borgo San Lorenzo e dalla <em>Madonna col Bambino e Angeli <\/em>di San Giorgio alla Costa<\/strong>, fino alla fase pi\u00f9 tarda, illustrata dal <strong>frammento d\u2019affresco staccato con una <em>Figura allegorica<\/em><\/strong>, proveniente proprio dalla chiesa inferiore di San Francesco, oggi conservato al Sz\u00e9pm\u00fcv\u00e9szeti Muzeum di Budapest. Racconteranno l\u2019evoluzione del suo stile in questo significativo intervallo di tempo altri capolavori, come il pannello narrativo raffigurante la <strong><em>Pentecoste<\/em><\/strong> della National Gallery di Londra, appartenente in origine al <strong>misterioso dossale francescano<\/strong>, o la piccola e preziosa <strong><em>Madonna col Bambino<\/em><\/strong>dell\u2019Ashmolean Museum di Oxford.<\/p>\n\n\n\n<p>L\u2019itinerario tra le sale della Galleria Nazionale dell\u2019Umbria prosegue documentando la svolta gotica imposta dalla rivoluzione giottesca alla decorazione della Basilica di San Francesco, cos\u00ec come venne recepita dai grandi maestri attivi in tempi appena successivi nel santuario, quali <strong>Simone Martini<\/strong>, di cui si riuniranno le prove orvietane, <strong>Pietro Lorenzetti, <\/strong>del quale saranno proposte alcune tavole giovanili provenienti dai Musei Diocesani di Cortona e di Pienza, licenziate a cavallo della sua presenza ad Assisi, e il <strong>Maestro di Figline, <\/strong>pittore di straordinaria potenza espressiva,<strong> di cui si proporr\u00e0 l\u2019ambiziosa ricostruzione del polittico di sicura provenienza umbra<\/strong>, oggi sparso tra il Worcester Art Museum di Worcester (MA), l\u2019Harvard Art Museums di Cambridge (MA), le Courtauld Institute Galleries di Londra, la Fondazione Magnani Rocca di Traversetolo, la van Heek Collection, \u2018s-Heerenbergh, il Mus\u00e9e du Petit Palais di Avignone.<\/p>\n\n\n\n<p>La lezione di Giotto, quindi di Simone Martini e Pietro Lorenzetti, si diffuse con forte intensit\u00e0 sui <strong>pittori d\u2019origine umbra, cresciuti all\u2019ombra del cantiere francescano e nei maggiori centri culturali della regione, da Perugia a Gubbio, da Assisi a Montefalco, da Foligno a Spoleto, dalla Valnerina a Orvieto.<\/strong><\/p>\n\n\n\n<p><strong>La rassegna ha l\u2019ambizione di rendere noti al grande pubblico questi maestri a lungo rimasti nell\u2019ombra.<\/strong> Le varie sezioni della mostra illustreranno personalit\u00e0 di profondo fascino, ma ancora misteriose e per lo pi\u00f9 anonime, quali il <strong>Maestro della Croce di Gubbio, il Maestro di Cesi, il Maestro del Farneto, Marino di Elemosina, e Palmerino di Guido<\/strong> (il cosiddetto Espressionista di Santa Chiara), sodale di Giotto e collaboratore del fiorentino sui ponteggi della basilica Inferiore. A cronologie pi\u00f9 inoltrate, in dialogo con gli esempi del giottismo assisiate pi\u00f9 maturo, affondi mirati racconteranno la pittura di <strong>Puccio Capanna<\/strong>, quella del <strong>Maestro della Croce di Trevi<\/strong>, le eleganze del <strong>Maestro di Fossa<\/strong> e del <strong>Maestro della Croce d\u2019Argento<\/strong>.<\/p>\n\n\n\n<p>Il percorso espositivo avr\u00e0 il suo ideale completamento negli affreschi dipinti dai protagonisti della mostra nella Basilica di San Francesco ad Assisi e nel Museo del Tesoro del Sacro Convento, dove si potr\u00e0 ammirare il magnifico calice dell\u2019orafo Guccio di Mannaia donato al santuario da Niccol\u00f2 IV, il papa a cui si deve la promozione in tempi rapidissimi della decorazione pittorica della chiesa superiore del complesso.<\/p>\n\n\n\n<p>Lo scopo della mostra \u00e8 quello di conferire apporti rilevanti allo studio di queste tematiche centrali della storia dell\u2019arte, attraverso azioni significative come <strong>la ricostruzione di complessi smembrati, la presentazione di opere mai esposte al pubblico, l\u2019effettuazione di numerosi restauri e indagini diagnostiche e la realizzazione di un video immersivo incentrato sulla Basilica di San Francesco ad Assisi<\/strong>, tramite il quale riproporre grazie alle pi\u00f9 moderne tecnologie i percorsi visivi che erano stati pensati dalla committenza per i pellegrini che si recavano a pregare sulla tomba del santo.<\/p>\n\n\n\n<p><strong><em>Giotto e san Francesco. Una rivoluzione nell\u2019Umbria del Trecento<\/em><\/strong> si avvale della collaborazione scientifica di studiosi internazionali di altissima specializzazione, tra cui Alessandro Bagnoli, Caroline Campbell, Laura Cavazzini, Donal Cooper, Andrea De Marchi, Gabriele Fattorini, Cecilia Frosinini e Carl Brandon Strehlke.<\/p>\n\n\n\n<p>Catalogo Silvana Editoriale.<\/p>\n\n\n\n<p><strong>L\u2019iniziativa perugina sar\u00e0 anche l\u2019occasione per valorizzare il patrimonio dell\u2019intera Umbria, anche nell\u2019ottica della collaborazione fra varie realt\u00e0 e istituzioni del territorio<\/strong>. In collaborazione con la Soprintendenza Archeologia, Belle Arti e Paesaggio dell\u2019Umbria sar\u00e0 realizzata <strong>una guida sull\u2019arte nella Regione al tempo di Giotto e dei suoi seguaci<\/strong>. In questa direzione si sta definendo un ampio palinsesto dal titolo <strong><em>Il Cantico e il creato. San Francesco tra arte, natura e spiritualit\u00e0<\/em><\/strong>, che proporr\u00e0, tra ottobre e giugno, una serie di itinerari guidati, conferenze ed eventi in vari luoghi del Ternano, toccati dal passaggio di Francesco, come l\u2019eremo di Portaria a Cesi, lo speco di san Francesco e la chiesa di san Francesco a Narni, il Sacro speco francescano di Sant\u2019Urbano, il convento e bosco di Stroncone, la chiesa di san Cristoforo e il convento e chiesa di Santa Maria delle Grazie a Terni, la chiesa e convento di San Francesco a Lugnano in Teverina, il borgo di Alviano.<\/p>\n\n\n\n<p>Il progetto si articola in quattro ambiti principali, che coniugano spiritualit\u00e0, educazione, arte e partecipazione attiva, e si declina in passeggiate immersive e letture spirituali, in laboratori creativi per bambini, in conferenze storico-artistiche, in aperture speciali ed eventi notturni.<\/p>\n\n\n\n<p>Perugia, 15 dicembre 2025<\/p>\n\n\n\n<p><strong>GIOTTO E SAN FRANCESCO<\/strong><\/p>\n\n\n\n<p><strong>Una rivoluzione nell\u2019Umbria del Trecento<\/strong><\/p>\n\n\n\n<p>Perugia, Galleria Nazionale dell\u2019Umbria (Corso Pietro Vannucci, 19)<\/p>\n\n\n\n<p><strong>14 marzo \u2013 14 giugno 2026<\/strong><\/p>\n\n\n\n<p><strong><u>Ufficio Promozione e Comunicazione Musei nazionali di Perugia-Direzione regionale Musei nazionali Umbria<\/u><\/strong><\/p>\n\n\n\n<p>Ilaria Batassa | M +39 331 9714326 | <a href=\"mailto:ilaria.batassa@cultura.gov.it\">ilaria.batassa@cultura.gov.it<\/a><\/p>\n\n\n\n<p><strong>Facebook <\/strong>@GalleriaUmbriaPerugia<\/p>\n\n\n\n<p><strong>Instagram<\/strong> @gallerianazionaledellumbria<\/p>\n\n\n\n<p><strong><u>Ufficio stampa Musei nazionali di Perugia-Direzione regionale Musei nazionali Umbria<\/u><\/strong><\/p>\n\n\n\n<p><strong>CLP Relazioni Pubbliche<\/strong> | Clara Cervia | <a href=\"mailto:clara.cervia@clp1968.it\">clara.cervia@clp1968.it <\/a>| <a href=\"http:\/\/www.clp1968.it\">www.clp1968.it<\/a> |<\/p>\n\n\n\n<p>T +39 02 36755700 | M +39 333 91 25 684<\/p>\n\n\n\n<figure class=\"wp-block-gallery has-nested-images columns-default is-cropped wp-block-gallery-1 is-layout-flex wp-block-gallery-is-layout-flex\">\n<figure class=\"wp-block-image size-large\"><img loading=\"lazy\" decoding=\"async\" width=\"819\" height=\"1024\" data-id=\"19043\" src=\"https:\/\/sanfrancesco800.cultura.gov.it\/wp-content\/uploads\/2026\/01\/GIOTTO_POST-MOSTRA-819x1024.jpg\" alt=\"\" class=\"wp-image-19043\" srcset=\"https:\/\/sanfrancesco800.cultura.gov.it\/wp-content\/uploads\/2026\/01\/GIOTTO_POST-MOSTRA-819x1024.jpg 819w, https:\/\/sanfrancesco800.cultura.gov.it\/wp-content\/uploads\/2026\/01\/GIOTTO_POST-MOSTRA-240x300.jpg 240w, https:\/\/sanfrancesco800.cultura.gov.it\/wp-content\/uploads\/2026\/01\/GIOTTO_POST-MOSTRA-768x960.jpg 768w, https:\/\/sanfrancesco800.cultura.gov.it\/wp-content\/uploads\/2026\/01\/GIOTTO_POST-MOSTRA-1229x1536.jpg 1229w, https:\/\/sanfrancesco800.cultura.gov.it\/wp-content\/uploads\/2026\/01\/GIOTTO_POST-MOSTRA-1638x2048.jpg 1638w, https:\/\/sanfrancesco800.cultura.gov.it\/wp-content\/uploads\/2026\/01\/GIOTTO_POST-MOSTRA-580x725.jpg 580w, https:\/\/sanfrancesco800.cultura.gov.it\/wp-content\/uploads\/2026\/01\/GIOTTO_POST-MOSTRA-860x1075.jpg 860w, https:\/\/sanfrancesco800.cultura.gov.it\/wp-content\/uploads\/2026\/01\/GIOTTO_POST-MOSTRA-1160x1450.jpg 1160w, https:\/\/sanfrancesco800.cultura.gov.it\/wp-content\/uploads\/2026\/01\/GIOTTO_POST-MOSTRA-scaled.jpg 2048w\" sizes=\"auto, (max-width: 819px) 100vw, 819px\" \/><\/figure>\n\n\n\n<figure class=\"wp-block-image size-large\"><img loading=\"lazy\" decoding=\"async\" width=\"819\" height=\"1024\" data-id=\"19044\" src=\"https:\/\/sanfrancesco800.cultura.gov.it\/wp-content\/uploads\/2026\/01\/GIOTTO_POST-loghi-819x1024.jpg\" alt=\"\" class=\"wp-image-19044\" srcset=\"https:\/\/sanfrancesco800.cultura.gov.it\/wp-content\/uploads\/2026\/01\/GIOTTO_POST-loghi-819x1024.jpg 819w, https:\/\/sanfrancesco800.cultura.gov.it\/wp-content\/uploads\/2026\/01\/GIOTTO_POST-loghi-240x300.jpg 240w, https:\/\/sanfrancesco800.cultura.gov.it\/wp-content\/uploads\/2026\/01\/GIOTTO_POST-loghi-768x960.jpg 768w, https:\/\/sanfrancesco800.cultura.gov.it\/wp-content\/uploads\/2026\/01\/GIOTTO_POST-loghi-1229x1536.jpg 1229w, https:\/\/sanfrancesco800.cultura.gov.it\/wp-content\/uploads\/2026\/01\/GIOTTO_POST-loghi-1639x2048.jpg 1639w, https:\/\/sanfrancesco800.cultura.gov.it\/wp-content\/uploads\/2026\/01\/GIOTTO_POST-loghi-580x725.jpg 580w, https:\/\/sanfrancesco800.cultura.gov.it\/wp-content\/uploads\/2026\/01\/GIOTTO_POST-loghi-860x1075.jpg 860w, https:\/\/sanfrancesco800.cultura.gov.it\/wp-content\/uploads\/2026\/01\/GIOTTO_POST-loghi-1160x1450.jpg 1160w\" sizes=\"auto, (max-width: 819px) 100vw, 819px\" \/><\/figure>\n<\/figure>\n","protected":false},"excerpt":{"rendered":"<p>a cura di Veruska Picchiarelli ed Emanuele Zappasodi PERUGIA GALLERIA NAZIONALE DELL\u2019UMBRIA14 MARZO \u2013 14 GIUGNO 2026 L\u2019Umbria celebra l\u2019ottavo centenario della morte di san Francesco d\u2019Assisi con un grande&#8230;<\/p>\n","protected":false},"author":1,"featured_media":19043,"menu_order":0,"comment_status":"closed","ping_status":"closed","template":"","format":"standard","meta":{"footnotes":""},"pj-categs":[38],"pj-tags":[],"class_list":["post-19042","project","type-project","status-publish","format-standard","has-post-thumbnail","hentry","pj-categs-eventi"],"_links":{"self":[{"href":"https:\/\/sanfrancesco800.cultura.gov.it\/index.php?rest_route=\/wp\/v2\/project\/19042","targetHints":{"allow":["GET"]}}],"collection":[{"href":"https:\/\/sanfrancesco800.cultura.gov.it\/index.php?rest_route=\/wp\/v2\/project"}],"about":[{"href":"https:\/\/sanfrancesco800.cultura.gov.it\/index.php?rest_route=\/wp\/v2\/types\/project"}],"author":[{"embeddable":true,"href":"https:\/\/sanfrancesco800.cultura.gov.it\/index.php?rest_route=\/wp\/v2\/users\/1"}],"replies":[{"embeddable":true,"href":"https:\/\/sanfrancesco800.cultura.gov.it\/index.php?rest_route=%2Fwp%2Fv2%2Fcomments&post=19042"}],"version-history":[{"count":1,"href":"https:\/\/sanfrancesco800.cultura.gov.it\/index.php?rest_route=\/wp\/v2\/project\/19042\/revisions"}],"predecessor-version":[{"id":19045,"href":"https:\/\/sanfrancesco800.cultura.gov.it\/index.php?rest_route=\/wp\/v2\/project\/19042\/revisions\/19045"}],"wp:featuredmedia":[{"embeddable":true,"href":"https:\/\/sanfrancesco800.cultura.gov.it\/index.php?rest_route=\/wp\/v2\/media\/19043"}],"wp:attachment":[{"href":"https:\/\/sanfrancesco800.cultura.gov.it\/index.php?rest_route=%2Fwp%2Fv2%2Fmedia&parent=19042"}],"wp:term":[{"taxonomy":"pj-categs","embeddable":true,"href":"https:\/\/sanfrancesco800.cultura.gov.it\/index.php?rest_route=%2Fwp%2Fv2%2Fpj-categs&post=19042"},{"taxonomy":"pj-tags","embeddable":true,"href":"https:\/\/sanfrancesco800.cultura.gov.it\/index.php?rest_route=%2Fwp%2Fv2%2Fpj-tags&post=19042"}],"curies":[{"name":"wp","href":"https:\/\/api.w.org\/{rel}","templated":true}]}}