{"id":15162,"date":"2023-10-06T10:19:30","date_gmt":"2023-10-06T08:19:30","guid":{"rendered":"http:\/\/sanfrancesco800.cultura.gov.it\/?page_id=15162"},"modified":"2026-04-10T13:32:57","modified_gmt":"2026-04-10T11:32:57","slug":"i-componenti-del-comitato","status":"publish","type":"page","link":"https:\/\/sanfrancesco800.cultura.gov.it\/?page_id=15162","title":{"rendered":"IL COMITATO"},"content":{"rendered":"<div id=\"cmsmasters_row_3hy9ks8h5\" class=\"cmsmasters_row cmsmasters_color_scheme_default cmsmasters_row_top_default cmsmasters_row_bot_default cmsmasters_row_boxed\">\n<div class=\"cmsmasters_row_outer_parent\">\n<div class=\"cmsmasters_row_outer\">\n<div class=\"cmsmasters_row_inner\">\n<div class=\"cmsmasters_row_margin\">\n<div id=\"cmsmasters_column_ymvkb91zlb\" class=\"cmsmasters_column one_first\">\n<div class=\"cmsmasters_column_inner\"><div id=\"cmsmasters_heading_xer263fo8\" class=\"cmsmasters_heading_wrap cmsmasters_heading_align_left\">\n\t<h3 class=\"cmsmasters_heading\">I COMPONENTI DEL COMITATO<\/h3>\n<\/div>\n<\/div><\/div>\n<\/div>\n<\/div>\n<\/div>\n<\/div>\n<\/div>\n<div id=\"cmsmasters_row_v8269pzue\" class=\"cmsmasters_row cmsmasters_color_scheme_default cmsmasters_row_top_default cmsmasters_row_bot_default cmsmasters_row_boxed\">\n<div class=\"cmsmasters_row_outer_parent\">\n<div class=\"cmsmasters_row_outer\">\n<div class=\"cmsmasters_row_inner\">\n<div class=\"cmsmasters_row_margin\">\n<div id=\"cmsmasters_column_7yqar8v0wt\" class=\"cmsmasters_column one_first\">\n<div class=\"cmsmasters_column_inner\"><ul id=\"cmsmasters_icon_list_items_4cdclt2j2k\" class=\"cmsmasters_icon_list_items cmsmasters_icon_list_type_block cmsmasters_icon_list_pos_left cmsmasters_color_type_border\"><li id=\"cmsmasters_icon_list_item_4iyw2yfeyg\" class=\"cmsmasters_icon_list_item\">\n<div class=\"cmsmasters_icon_list_item_inner\">\n<div class=\"cmsmasters_icon_list_icon_wrap\">\n<span class=\"cmsmasters_icon_list_icon cmsmasters-icon-custom-user\"><\/span>\n<\/div>\n<div class=\"cmsmasters_icon_list_item_content\">\n<h3 class=\"cmsmasters_icon_list_item_title\">Presidente - dott. Davide Rondoni <\/h3>\n<div class=\"cmsmasters_icon_list_item_text\">\n<p>&#8211;<\/p>\n<\/div>\n<\/div>\n<\/div>\n<\/li><\/ul><ul id=\"cmsmasters_icon_list_items_7e3gr3s9d\" class=\"cmsmasters_icon_list_items cmsmasters_icon_list_type_block cmsmasters_icon_list_pos_left cmsmasters_color_type_border\"><li id=\"cmsmasters_icon_list_item_lyzfjyrpy9\" class=\"cmsmasters_icon_list_item\">\n<div class=\"cmsmasters_icon_list_item_inner\">\n<div class=\"cmsmasters_icon_list_icon_wrap\">\n<span class=\"cmsmasters_icon_list_icon cmsmasters-icon-custom-user-group\"><\/span>\n<\/div>\n<div class=\"cmsmasters_icon_list_item_content\">\n<h3 class=\"cmsmasters_icon_list_item_title\">dott. Valter Stoppini - Sindaco del Comune di Assisi (des. Comune di Assisi)<\/h3>\n<div class=\"cmsmasters_icon_list_item_text\">\n<p>&#8211;<\/p>\n<\/div>\n<\/div>\n<\/div>\n<\/li><\/ul><ul id=\"cmsmasters_icon_list_items_vwrgsag8pg\" class=\"cmsmasters_icon_list_items cmsmasters_icon_list_type_block cmsmasters_icon_list_pos_left cmsmasters_color_type_border\"><li id=\"cmsmasters_icon_list_item_56b17blf0d\" class=\"cmsmasters_icon_list_item\">\n<div class=\"cmsmasters_icon_list_item_inner\">\n<div class=\"cmsmasters_icon_list_icon_wrap\">\n<span class=\"cmsmasters_icon_list_icon cmsmasters-icon-custom-user-group\"><\/span>\n<\/div>\n<div class=\"cmsmasters_icon_list_item_content\">\n<h3 class=\"cmsmasters_icon_list_item_title\">prof. Franco Cardini (des. Ministro della cultura)<\/h3>\n<div class=\"cmsmasters_icon_list_item_text\">\n<p>&#8211;<\/p>\n<\/div>\n<\/div>\n<\/div>\n<\/li><\/ul><ul id=\"cmsmasters_icon_list_items_wfpa7kbfb\" class=\"cmsmasters_icon_list_items cmsmasters_icon_list_type_block cmsmasters_icon_list_pos_left cmsmasters_color_type_border\"><li id=\"cmsmasters_icon_list_item_i9xcgmc77s\" class=\"cmsmasters_icon_list_item\">\n<div class=\"cmsmasters_icon_list_item_inner\">\n<div class=\"cmsmasters_icon_list_icon_wrap\">\n<span class=\"cmsmasters_icon_list_icon cmsmasters-icon-custom-user-group\"><\/span>\n<\/div>\n<div class=\"cmsmasters_icon_list_item_content\">\n<h3 class=\"cmsmasters_icon_list_item_title\">prof. Vincenzo Rosito (des. Ministro della cultura)<\/h3>\n<div class=\"cmsmasters_icon_list_item_text\">\n<p>&#8211;<\/p>\n<\/div>\n<\/div>\n<\/div>\n<\/li><\/ul><ul id=\"cmsmasters_icon_list_items_jw3ittx7rk\" class=\"cmsmasters_icon_list_items cmsmasters_icon_list_type_block cmsmasters_icon_list_pos_left cmsmasters_color_type_border\"><li id=\"cmsmasters_icon_list_item_ugg2c8ogh\" class=\"cmsmasters_icon_list_item\">\n<div class=\"cmsmasters_icon_list_item_inner\">\n<div class=\"cmsmasters_icon_list_icon_wrap\">\n<span class=\"cmsmasters_icon_list_icon cmsmasters-icon-custom-user-group\"><\/span>\n<\/div>\n<div class=\"cmsmasters_icon_list_item_content\">\n<h3 class=\"cmsmasters_icon_list_item_title\">prof. Gianfranco Formichetti (des. Ministro del turismo)<\/h3>\n<div class=\"cmsmasters_icon_list_item_text\">\n<p>&#8211;<\/p>\n<\/div>\n<\/div>\n<\/div>\n<\/li><\/ul><ul id=\"cmsmasters_icon_list_items_uccy9hokc7\" class=\"cmsmasters_icon_list_items cmsmasters_icon_list_type_block cmsmasters_icon_list_pos_left cmsmasters_color_type_border\"><li id=\"cmsmasters_icon_list_item_dshu2jp7zl\" class=\"cmsmasters_icon_list_item\">\n<div class=\"cmsmasters_icon_list_item_inner\">\n<div class=\"cmsmasters_icon_list_icon_wrap\">\n<span class=\"cmsmasters_icon_list_icon cmsmasters-icon-custom-user-group\"><\/span>\n<\/div>\n<div class=\"cmsmasters_icon_list_item_content\">\n<h3 class=\"cmsmasters_icon_list_item_title\">dott.ssa Emanuela Varano (des. Ministro del turismo)<\/h3>\n<div class=\"cmsmasters_icon_list_item_text\">\n<p>Curriculum Vitae<\/p>\n<\/div>\n<\/div>\n<\/div>\n<\/li><\/ul><ul id=\"cmsmasters_icon_list_items_x3l6zccim9\" class=\"cmsmasters_icon_list_items cmsmasters_icon_list_type_block cmsmasters_icon_list_pos_left cmsmasters_color_type_border\"><li id=\"cmsmasters_icon_list_item_iacw081sdo\" class=\"cmsmasters_icon_list_item\">\n<div class=\"cmsmasters_icon_list_item_inner\">\n<div class=\"cmsmasters_icon_list_icon_wrap\">\n<span class=\"cmsmasters_icon_list_icon cmsmasters-icon-custom-user-group\"><\/span>\n<\/div>\n<div class=\"cmsmasters_icon_list_item_content\">\n<h3 class=\"cmsmasters_icon_list_item_title\">Mons. Felice Acrocca (des. Ministro istruzione e merito d\u2019intesa con ministro universit\u00e0 e ricerca)<\/h3>\n<div class=\"cmsmasters_icon_list_item_text\">\n<p>&#8211;<\/p>\n<\/div>\n<\/div>\n<\/div>\n<\/li><\/ul><ul id=\"cmsmasters_icon_list_items_ft0owan7w\" class=\"cmsmasters_icon_list_items cmsmasters_icon_list_type_block cmsmasters_icon_list_pos_left cmsmasters_color_type_border\"><li id=\"cmsmasters_icon_list_item_p05e7qo3cv\" class=\"cmsmasters_icon_list_item\">\n<div class=\"cmsmasters_icon_list_item_inner\">\n<div class=\"cmsmasters_icon_list_icon_wrap\">\n<span class=\"cmsmasters_icon_list_icon cmsmasters-icon-custom-user\"><\/span>\n<\/div>\n<div class=\"cmsmasters_icon_list_item_content\">\n<h3 class=\"cmsmasters_icon_list_item_title\">avv. Fiammetta Modena (des. Ministro istruzione e merito d\u2019intesa con ministro universit\u00e0 e ricerca)<\/h3>\n<div class=\"cmsmasters_icon_list_item_text\">\n<p>&#8211;<\/p>\n<\/div>\n<\/div>\n<\/div>\n<\/li><\/ul><ul id=\"cmsmasters_icon_list_items_amhv6yreim\" class=\"cmsmasters_icon_list_items cmsmasters_icon_list_type_block cmsmasters_icon_list_pos_left cmsmasters_color_type_border\"><li id=\"cmsmasters_icon_list_item_899l28vs3i\" class=\"cmsmasters_icon_list_item\">\n<div class=\"cmsmasters_icon_list_item_inner\">\n<div class=\"cmsmasters_icon_list_icon_wrap\">\n<span class=\"cmsmasters_icon_list_icon cmsmasters-icon-custom-user-group\"><\/span>\n<\/div>\n<div class=\"cmsmasters_icon_list_item_content\">\n<h3 class=\"cmsmasters_icon_list_item_title\">prof. Antonino Treppiedi (des. Ministro istruzione e merito d\u2019intesa con ministro universit\u00e0 e ricerca)<\/h3>\n<div class=\"cmsmasters_icon_list_item_text\">\n<p>&#8211;<\/p>\n<\/div>\n<\/div>\n<\/div>\n<\/li><\/ul><ul id=\"cmsmasters_icon_list_items_nu4haool79\" class=\"cmsmasters_icon_list_items cmsmasters_icon_list_type_block cmsmasters_icon_list_pos_left cmsmasters_color_type_border\"><li id=\"cmsmasters_icon_list_item_2md6qp9sge\" class=\"cmsmasters_icon_list_item\">\n<div class=\"cmsmasters_icon_list_item_inner\">\n<div class=\"cmsmasters_icon_list_icon_wrap\">\n<span class=\"cmsmasters_icon_list_icon cmsmasters-icon-custom-user-group\"><\/span>\n<\/div>\n<div class=\"cmsmasters_icon_list_item_content\">\n<h3 class=\"cmsmasters_icon_list_item_title\">Fra Giulio Cesareo (des. Ministro degli affari esteri e della cooperazione internazionale)<\/h3>\n<div class=\"cmsmasters_icon_list_item_text\">\n<p>&#8211;<\/p>\n<\/div>\n<\/div>\n<\/div>\n<\/li><\/ul><ul id=\"cmsmasters_icon_list_items_c2m10p2nop\" class=\"cmsmasters_icon_list_items cmsmasters_icon_list_type_block cmsmasters_icon_list_pos_left cmsmasters_color_type_border\"><li id=\"cmsmasters_icon_list_item_cukiwyzp6\" class=\"cmsmasters_icon_list_item\">\n<div class=\"cmsmasters_icon_list_item_inner\">\n<div class=\"cmsmasters_icon_list_icon_wrap\">\n<span class=\"cmsmasters_icon_list_icon cmsmasters-icon-custom-user-group\"><\/span>\n<\/div>\n<div class=\"cmsmasters_icon_list_item_content\">\n<h3 class=\"cmsmasters_icon_list_item_title\">dott. Gianfranco Brunelli (des. Conferenza Unificata)<\/h3>\n<div class=\"cmsmasters_icon_list_item_text\">\n<p>&#8211;<\/p>\n<\/div>\n<\/div>\n<\/div>\n<\/li><\/ul><ul id=\"cmsmasters_icon_list_items_nnbt2dagur\" class=\"cmsmasters_icon_list_items cmsmasters_icon_list_type_block cmsmasters_icon_list_pos_left cmsmasters_color_type_border\"><li id=\"cmsmasters_icon_list_item_oiw7v00k\" class=\"cmsmasters_icon_list_item\">\n<div class=\"cmsmasters_icon_list_item_inner\">\n<div class=\"cmsmasters_icon_list_icon_wrap\">\n<span class=\"cmsmasters_icon_list_icon cmsmasters-icon-custom-user-group\"><\/span>\n<\/div>\n<div class=\"cmsmasters_icon_list_item_content\">\n<h3 class=\"cmsmasters_icon_list_item_title\">prof Enrico Menest\u00f2 (des. Conferenza Unificata)<\/h3>\n<div class=\"cmsmasters_icon_list_item_text\">\n<p>&#8211;<\/p>\n<\/div>\n<\/div>\n<\/div>\n<\/li><\/ul><ul id=\"cmsmasters_icon_list_items_y93un059ch\" class=\"cmsmasters_icon_list_items cmsmasters_icon_list_type_block cmsmasters_icon_list_pos_left cmsmasters_color_type_border\"><li id=\"cmsmasters_icon_list_item_ck1yy1kbkg\" class=\"cmsmasters_icon_list_item\">\n<div class=\"cmsmasters_icon_list_item_inner\">\n<div class=\"cmsmasters_icon_list_icon_wrap\">\n<span class=\"cmsmasters_icon_list_icon cmsmasters-icon-custom-user-group\"><\/span>\n<\/div>\n<div class=\"cmsmasters_icon_list_item_content\">\n<h3 class=\"cmsmasters_icon_list_item_title\">avv. Fabrizio Gareggia (des. Regione Umbria)<\/h3>\n<div class=\"cmsmasters_icon_list_item_text\">\n<p>&#8211;<\/p>\n<\/div>\n<\/div>\n<\/div>\n<\/li><\/ul><ul id=\"cmsmasters_icon_list_items_1d43twzdls\" class=\"cmsmasters_icon_list_items cmsmasters_icon_list_type_block cmsmasters_icon_list_pos_left cmsmasters_color_type_border\"><li id=\"cmsmasters_icon_list_item_40eje1sjfo\" class=\"cmsmasters_icon_list_item\">\n<div class=\"cmsmasters_icon_list_item_inner\">\n<div class=\"cmsmasters_icon_list_icon_wrap\">\n<span class=\"cmsmasters_icon_list_icon cmsmasters-icon-custom-user-group\"><\/span>\n<\/div>\n<div class=\"cmsmasters_icon_list_item_content\">\n<h3 class=\"cmsmasters_icon_list_item_title\">avv. Matteo Fortunati (des. Regione Umbria)<\/h3>\n<div class=\"cmsmasters_icon_list_item_text\">\n<p>&#8211;<\/p>\n<\/div>\n<\/div>\n<\/div>\n<\/li><\/ul><ul id=\"cmsmasters_icon_list_items_fwkwvme9sq\" class=\"cmsmasters_icon_list_items cmsmasters_icon_list_type_block cmsmasters_icon_list_pos_left cmsmasters_color_type_border\"><li id=\"cmsmasters_icon_list_item_j7v56lbgw\" class=\"cmsmasters_icon_list_item\">\n<div class=\"cmsmasters_icon_list_item_inner\">\n<div class=\"cmsmasters_icon_list_icon_wrap\">\n<span class=\"cmsmasters_icon_list_icon cmsmasters-icon-custom-user-group\"><\/span>\n<\/div>\n<div class=\"cmsmasters_icon_list_item_content\">\n<h3 class=\"cmsmasters_icon_list_item_title\">prof. Grado Giovanni Merlo (des. Comune di Assisi)<\/h3>\n<div class=\"cmsmasters_icon_list_item_text\">\n<p>&#8211;<\/p>\n<\/div>\n<\/div>\n<\/div>\n<\/li><\/ul><ul id=\"cmsmasters_icon_list_items_n74kg24g1h\" class=\"cmsmasters_icon_list_items cmsmasters_icon_list_type_block cmsmasters_icon_list_pos_left cmsmasters_color_type_border\"><li id=\"cmsmasters_icon_list_item_er2grjyr26\" class=\"cmsmasters_icon_list_item\">\n<div class=\"cmsmasters_icon_list_item_inner\">\n<div class=\"cmsmasters_icon_list_icon_wrap\">\n<span class=\"cmsmasters_icon_list_icon cmsmasters-icon-custom-user-group\"><\/span>\n<\/div>\n<div class=\"cmsmasters_icon_list_item_content\">\n<h3 class=\"cmsmasters_icon_list_item_title\">prof. Stefano Brufani (des. Comune di Assisi)<\/h3>\n<div class=\"cmsmasters_icon_list_item_text\">\n<p>&#8211;<\/p>\n<\/div>\n<\/div>\n<\/div>\n<\/li><\/ul><ul id=\"cmsmasters_icon_list_items_ptpy1aepmb\" class=\"cmsmasters_icon_list_items cmsmasters_icon_list_type_block cmsmasters_icon_list_pos_left cmsmasters_color_type_border\"><li id=\"cmsmasters_icon_list_item_lbowfd111\" class=\"cmsmasters_icon_list_item\">\n<div class=\"cmsmasters_icon_list_item_inner\">\n<div class=\"cmsmasters_icon_list_icon_wrap\">\n<span class=\"cmsmasters_icon_list_icon cmsmasters-icon-custom-user-group\"><\/span>\n<\/div>\n<div class=\"cmsmasters_icon_list_item_content\">\n<h3 class=\"cmsmasters_icon_list_item_title\">dott.ssa Marina Rosati (des. Vescovo di Assisi, Nocera Umbra \u2013 Gualdo Tadino)<\/h3>\n<div class=\"cmsmasters_icon_list_item_text\">\n<p>&#8211;<\/p>\n<\/div>\n<\/div>\n<\/div>\n<\/li><\/ul><ul id=\"cmsmasters_icon_list_items_a9yh9tjznw\" class=\"cmsmasters_icon_list_items cmsmasters_icon_list_type_block cmsmasters_icon_list_pos_left cmsmasters_color_type_border\"><li id=\"cmsmasters_icon_list_item_yns6ru4c8h\" class=\"cmsmasters_icon_list_item\">\n<div class=\"cmsmasters_icon_list_item_inner\">\n<div class=\"cmsmasters_icon_list_icon_wrap\">\n<span class=\"cmsmasters_icon_list_icon cmsmasters-icon-custom-user-group\"><\/span>\n<\/div>\n<div class=\"cmsmasters_icon_list_item_content\">\n<h3 class=\"cmsmasters_icon_list_item_title\">Fra Francesco Piloni (des. Conferenza dei Ministri generali del primo ordine francescano e del Tor)<\/h3>\n<div class=\"cmsmasters_icon_list_item_text\">\n<p>&#8211;<\/p>\n<\/div>\n<\/div>\n<\/div>\n<\/li><\/ul><ul id=\"cmsmasters_icon_list_items_cg5dpsopth\" class=\"cmsmasters_icon_list_items cmsmasters_icon_list_type_block cmsmasters_icon_list_pos_left cmsmasters_color_type_border\"><li id=\"cmsmasters_icon_list_item_zrkygod3f\" class=\"cmsmasters_icon_list_item\">\n<div class=\"cmsmasters_icon_list_item_inner\">\n<div class=\"cmsmasters_icon_list_icon_wrap\">\n<span class=\"cmsmasters_icon_list_icon cmsmasters-icon-custom-user-group\"><\/span>\n<\/div>\n<div class=\"cmsmasters_icon_list_item_content\">\n<h3 class=\"cmsmasters_icon_list_item_title\">Fra Marco Giuseppe Moroni (des. Conferenza dei Ministri generali del primo ordine francescano e del Tor)<\/h3>\n<div class=\"cmsmasters_icon_list_item_text\">\n<p>&#8211;<\/p>\n<\/div>\n<\/div>\n<\/div>\n<\/li><\/ul><ul id=\"cmsmasters_icon_list_items_n4of1czi7p\" class=\"cmsmasters_icon_list_items cmsmasters_icon_list_type_block cmsmasters_icon_list_pos_left cmsmasters_color_type_border\"><li id=\"cmsmasters_icon_list_item_phv3bdtbdp\" class=\"cmsmasters_icon_list_item\">\n<div class=\"cmsmasters_icon_list_item_inner\">\n<div class=\"cmsmasters_icon_list_icon_wrap\">\n<span class=\"cmsmasters_icon_list_icon cmsmasters-icon-custom-user-group\"><\/span>\n<\/div>\n<div class=\"cmsmasters_icon_list_item_content\">\n<h3 class=\"cmsmasters_icon_list_item_title\">prof. Paolo Vian (des. Societ\u00e0 Internazionali di Studi Francescani)<\/h3>\n<div class=\"cmsmasters_icon_list_item_text\">\n<p>&#8211;<\/p>\n<\/div>\n<\/div>\n<\/div>\n<\/li><\/ul>\n<\/div><\/div>\n<\/div>\n<\/div>\n<\/div>\n<\/div>\n<\/div>\n<div id=\"cmsmasters_row_0a5omt3j9j\" class=\"cmsmasters_row cmsmasters_color_scheme_default cmsmasters_row_top_default cmsmasters_row_bot_default cmsmasters_row_boxed\">\n<div class=\"cmsmasters_row_outer_parent\">\n<div class=\"cmsmasters_row_outer\">\n<div class=\"cmsmasters_row_inner\">\n<div class=\"cmsmasters_row_margin\">\n<div id=\"cmsmasters_column_9dyakrlsz\" class=\"cmsmasters_column one_first\">\n<div class=\"cmsmasters_column_inner\"><\/div><\/div>\n<\/div>\n<\/div>\n<\/div>\n<\/div>\n<\/div>\n<div id=\"cmsmasters_row_5klo3kn93s\" class=\"cmsmasters_row cmsmasters_color_scheme_default cmsmasters_row_top_default cmsmasters_row_bot_default cmsmasters_row_boxed\">\n<div class=\"cmsmasters_row_outer_parent\">\n<div class=\"cmsmasters_row_outer\">\n<div class=\"cmsmasters_row_inner\">\n<div class=\"cmsmasters_row_margin\">\n<div id=\"cmsmasters_column_bxfd9iz1ji\" class=\"cmsmasters_column one_first\">\n<div class=\"cmsmasters_column_inner\"><div id=\"cmsmasters_heading_yrebj3odb1\" class=\"cmsmasters_heading_wrap cmsmasters_heading_align_left\">\n\t<h3 class=\"cmsmasters_heading\">FINALITA&#8217;<\/h3>\n<\/div><div class=\"cmsmasters_tabs tabs_mode_tab\">\n<ul class=\"cmsmasters_tabs_list\">\n<li id=\"cmsmasters_tabs_list_item_2rq5ze0erc\" class=\"cmsmasters_tabs_list_item current_tab\">\n<a href=\"#\">\n<span>IL COMITATO NAZIONALE<\/span>\n<\/a>\n<\/li><\/ul>\n<div class=\"cmsmasters_tabs_wrap\">\n<div id=\"cmsmasters_tab_2rq5ze0erc\" class=\"cmsmasters_tab active_tab\">\n<div class=\"cmsmasters_tab_inner\">\n<div class=\"pointedList-first-akn\">ha il compito di elaborare un programma culturale relativo alla vita, all&#8217;opera e ai luoghi legati alla figura di San Francesco d&#8217;Assisi, comprendente attivit\u00e0 di restauro di cose mobili o immobili sottoposte a tutela ai sensi del <a href=\"https:\/\/www.normattiva.it\/uri-res\/N2Ls?urn:nir:stato:decreto.legislativo:2004-01-22;42\" target=\"_blank\" rel=\"noopener\">codice dei beni culturali e del paesaggio<\/a>, di cui al <a href=\"https:\/\/www.normattiva.it\/uri-res\/N2Ls?urn:nir:stato:decreto.legislativo:2004-01-22;42\" target=\"_blank\" rel=\"noopener\">decreto legislativo 22 gennaio 2004, n. 42<\/a>, nonch\u00e9 attivit\u00e0 di ricerca, editoriali, formative, espositive e di organizzazione e gestione di manifestazioni in ambito culturale, storico, letterario, scientifico e artistico di elevato valore, in una prospettiva di internazionalizzazione, di promozione turistica e di innovazione tecnologica nonch\u00e9 di attenzione agli aspetti del messaggio francescano riguardanti il rispetto e la cura dell&#8217;ambiente, il dialogo tra le religioni e la pacifica convivenza tra i popoli, al fine di divulgare in Italia e all&#8217;estero, anche mediante piattaforme digitali, la conoscenza del pensiero, dell&#8217;opera, della cultura e dell&#8217;eredit\u00e0 del personaggio. In particolare, il Comitato nazionale ha il compito di:<\/div>\n<div class=\"pointedList-rest-akn\">a) elaborare il piano delle iniziative culturali per la divulgazione e la diffusione della conoscenza della vita e dell&#8217;opera di San Francesco d&#8217;Assisi, anche con riferimento ai settori della formazione scolastica, dell&#8217;fedelt\u00e0 formazione artistica, musicale e coreutica, dell&#8217;universit\u00e0 e della ricerca, tenendo conto degli eventuali riflessi della sua opera in ambito internazionale;<\/div>\n<div class=\"pointedList-rest-akn\">b) predisporre il piano economico sulla base delle risorse finanziarie assegnate dalla presente legge e tenendo conto degli eventuali contributi, lasciti, donazioni e liberalit\u00e0 di cui all&#8217;articolo 2, comma 4;<\/div>\n<div class=\"pointedList-rest-akn\">c) elaborare programmi volti a promuovere attivit\u00e0 culturali connesse alla celebrazione, da realizzare attraverso il coinvolgimento di enti pubblici o privati, dotati di comprovata esperienza, capaci di apportare ogni utile contributo o risorsa economica;<\/div>\n<div class=\"pointedList-rest-akn\">d) predisporre programmi intesi a favorire processi di sviluppo culturale nel territorio, nonch\u00e9 di valorizzazione e promozione turistica dei luoghi e dei cammini francescani e di promozione commerciale in ambito culturale connessi alla celebrazione.<\/div>\n<\/div>\n<\/div><\/div>\n<\/div>\n<\/div><\/div>\n<\/div>\n<\/div>\n<\/div>\n<\/div>\n<\/div>\n<div id=\"cmsmasters_row_\" class=\"cmsmasters_row cmsmasters_color_scheme_default cmsmasters_row_top_default cmsmasters_row_bot_default cmsmasters_row_boxed\">\n<div class=\"cmsmasters_row_outer_parent\">\n<div class=\"cmsmasters_row_outer\">\n<div class=\"cmsmasters_row_inner\">\n<div class=\"cmsmasters_row_margin\">\n<div id=\"cmsmasters_column_\" class=\"cmsmasters_column one_first\">\n<div class=\"cmsmasters_column_inner\"><div class=\"cmsmasters_text\">\n<p><!-- \/wp:post-content --><\/p>\n<p><!-- wp:paragraph --><\/p>\n<\/div>\n<\/div><\/div>\n<\/div>\n<\/div>\n<\/div>\n<\/div>\n<\/div>\n<div id=\"cmsmasters_row_zidf0wajd8\" class=\"cmsmasters_row cmsmasters_color_scheme_default cmsmasters_row_top_default cmsmasters_row_bot_default cmsmasters_row_boxed\">\n<div class=\"cmsmasters_row_outer_parent\">\n<div class=\"cmsmasters_row_outer\">\n<div class=\"cmsmasters_row_inner\">\n<div class=\"cmsmasters_row_margin\">\n<div id=\"cmsmasters_column_jggt98540k\" class=\"cmsmasters_column one_first\">\n<div class=\"cmsmasters_column_inner\"><div id=\"cmsmasters_heading_7f6zurxla\" class=\"cmsmasters_heading_wrap cmsmasters_heading_align_left\">\n\t<h3 class=\"cmsmasters_heading\">LEGGE 31 agosto 2022, n. 140.<\/h3>\n<\/div><div id=\"cmsmasters_heading_rjjn7mz627\" class=\"cmsmasters_heading_wrap cmsmasters_heading_align_left\">\n\t<h6 class=\"cmsmasters_heading\">Disposizioni per la celebrazione dell&#8217;ottavo centenario della morte di San Francesco d&#8217;Assisi. (G.U. 15 settembre 2022, n. 216)<\/h6>\n<\/div>\n<\/div><\/div>\n<\/div>\n<\/div>\n<\/div>\n<\/div>\n<\/div>\n<div id=\"cmsmasters_row_\" class=\"cmsmasters_row cmsmasters_color_scheme_default cmsmasters_row_top_default cmsmasters_row_bot_default cmsmasters_row_boxed\">\n<div class=\"cmsmasters_row_outer_parent\">\n<div class=\"cmsmasters_row_outer\">\n<div class=\"cmsmasters_row_inner\">\n<div class=\"cmsmasters_row_margin\">\n<div id=\"cmsmasters_column_\" class=\"cmsmasters_column one_first\">\n<div class=\"cmsmasters_column_inner\"><div class=\"cmsmasters_text\">\n<p><!-- \/wp:paragraph --><\/p>\n<p><!-- wp:shortcode --><\/p>\n<\/div>\n<\/div><\/div>\n<\/div>\n<\/div>\n<\/div>\n<\/div>\n<\/div>\n<div id=\"cmsmasters_row_alq9tevw6\" class=\"cmsmasters_row cmsmasters_color_scheme_default cmsmasters_row_top_default cmsmasters_row_bot_default cmsmasters_row_boxed\">\n<div class=\"cmsmasters_row_outer_parent\">\n<div class=\"cmsmasters_row_outer\">\n<div class=\"cmsmasters_row_inner\">\n<div class=\"cmsmasters_row_margin\">\n<div id=\"cmsmasters_column_varzgufadd\" class=\"cmsmasters_column one_first\">\n<div class=\"cmsmasters_column_inner\"><div class=\"cmsmasters_tabs tabs_mode_tour tabs_pos_left\">\n<ul class=\"cmsmasters_tabs_list\">\n<li id=\"cmsmasters_tabs_list_item_lwa7p0yu2s\" class=\"cmsmasters_tabs_list_item current_tab\">\n<a href=\"#\">\n<span>Art.1<\/span>\n<\/a>\n<\/li><li id=\"cmsmasters_tabs_list_item_8y7z3w1m1n\" class=\"cmsmasters_tabs_list_item\">\n<a href=\"#\">\n<span>Art.2<\/span>\n<\/a>\n<\/li><li id=\"cmsmasters_tabs_list_item_0zwcs1k5ej\" class=\"cmsmasters_tabs_list_item\">\n<a href=\"#\">\n<span>Art.3<\/span>\n<\/a>\n<\/li><li id=\"cmsmasters_tabs_list_item_oox272vt4y\" class=\"cmsmasters_tabs_list_item\">\n<a href=\"#\">\n<span>Art.4<\/span>\n<\/a>\n<\/li><li id=\"cmsmasters_tabs_list_item_uosgv82n5\" class=\"cmsmasters_tabs_list_item\">\n<a href=\"#\">\n<span>Art.5<\/span>\n<\/a>\n<\/li><\/ul>\n<div class=\"cmsmasters_tabs_wrap\">\n<div id=\"cmsmasters_tab_lwa7p0yu2s\" class=\"cmsmasters_tab active_tab\">\n<div class=\"cmsmasters_tab_inner\">\n<p> <strong>Finalit\u00e0<\/strong> 1. La Repubblica, nell&#8217;ambito delle finalit\u00e0 di promozione dello sviluppo della cultura e della ricerca scientifica, nonch\u00e8 di valorizzazione e di tutela del patrimonio storico e artistico della Nazione, a essa attribuite dalla Costituzione, celebra la figura di San Francesco d&#8217;Assisi nella ricorrenza dell&#8217;ottavo centenario della morte, che cade nell&#8217;anno 2026. <\/p>\n<\/div>\n<\/div><div id=\"cmsmasters_tab_8y7z3w1m1n\" class=\"cmsmasters_tab\">\n<div class=\"cmsmasters_tab_inner\">\n<p> <strong>Istituzione e finanziamento del Comitato nazionale<\/strong> 1. Per le finalit\u00e0 di cui all&#8217;articolo 1 \u00e8 istituito il Comitato nazionale per la celebrazione dell&#8217;ottavo centenario della morte di San Francesco d&#8217;Assisi, di seguito denominato \u00abComitato nazionale\u00bb, a cui \u00e8 attribuito un contributo di 4.510.000 euro per gli anni dal 2022 al 2028. 2. Il contributo di cui al comma 1 \u00e8 autorizzato nella misura di 200.000 euro per l&#8217;anno 2022, 500.000 euro per l&#8217;anno 2023, 500.000 euro per l&#8217;anno 2024, 1 milione di euro per l&#8217;anno 2025, 2 milioni di euro per l&#8217;anno 2026, 300.000 euro per l&#8217;anno 2027 e 10.000 euro per l&#8217;anno 2028. 3. [Con decreto del Presidente del Consiglio dei ministri, su proposta del Ministro della cultura, di concerto con il Ministro dell&#8217;economia e delle finanze e con il Ministro del turismo, sentita la Conferenza unificata di cui all&#8217;articolo 8 del decreto legislativo 28 agosto 1997, n. 281, sono stabiliti i criteri di assegnazione e di ripartizione annuale del contributo di cui al comma 1, nei limiti delle risorse autorizzate per ciascun anno dal comma 2, in ragione delle esigenze connesse al programma culturale di cui all&#8217;articolo 4, comma 2] [1]. 4. Al Comitato nazionale possono altres\u00ec essere destinati contributi di enti pubblici e privati, lasciti, donazioni e liberalit\u00e0 di ogni altro tipo. <\/p>\n<\/div>\n<\/div><div id=\"cmsmasters_tab_0zwcs1k5ej\" class=\"cmsmasters_tab\">\n<div class=\"cmsmasters_tab_inner\">\n<p> <strong>Composizione e funzionamento del Comitato nazionale<\/strong> 1. Il Comitato nazionale \u00e8 formato da venti componenti nominati con decreto del Presidente del Consiglio dei ministri, da adottare entro sessanta giorni dalla data di entrata in vigore della presente legge. 2. Il presidente del Comitato nazionale \u00e8 nominato dal Presidente del Consiglio dei ministri. Gli altri componenti sono designati: due dal Ministro della cultura, due dal Ministro del turismo, tre dal Ministro dell&#8217;istruzione e dal Ministro dell&#8217;universit\u00e0 e della ricerca d&#8217;intesa tra loro, uno dal Ministro degli affari esteri e della cooperazione internazionale, due dalla Conferenza unificata di cui all&#8217;articolo 8 del decreto legislativo 28 agosto 1997, n. 281, due dalla regione Umbria, due dal comune di Assisi, uno dal vescovo della diocesi di Assisi-Nocera Umbra-Gualdo Tadino, due dalla Conferenza dei ministri generali del primo ordine francescano e del terzo ordine regolare e uno dalla Societ\u00e0 internazionale di studi francescani associazione di promozione sociale, con sede in Assisi. Del Comitato nazionale \u00e8 altres\u00ec componente di diritto il sindaco del comune di Assisi. 3. I componenti del Comitato nazionale sono scelti tra esponenti della cultura italiana e internazionale aventi comprovata competenza e conoscenza della vita e delle opere di San Francesco d&#8217;Assisi, nonch\u00e8 tra rappresentanti di enti pubblici, privati ed ecclesiastici con personalit\u00e0 giuridica nell&#8217;ordinamento della Chiesa cattolica che, per le finalit\u00e0 statutarie o per l&#8217;attivit\u00e0 culturale o di culto svolta, abbiano maturato una specifica competenza e conoscenza della figura da celebrare o che siano particolarmente coinvolti nella celebrazione per l&#8217;ambito territoriale, turistico o istituzionale in cui agiscono. 4. Il decreto di cui al comma 1 determina, altres\u00ec, le modalit\u00e0 di funzionamento e di scioglimento del Comitato nazionale. 5. Con decreto del Presidente del Consiglio dei ministri, su proposta del Ministro della cultura, di concerto con il Ministro del turismo, sentita la Conferenza unificata di cui all&#8217;articolo 8 del decreto legislativo 28 agosto 1997, n. 281, possono essere nominati ulteriori componenti del Comitato nazionale, fino a un numero massimo di tre, nel rispetto di quanto stabilito dal comma 3. 6. Ai componenti del Comitato nazionale non \u00e8 corrisposto alcun compenso, gettone di presenza o altro emolumento comunque denominato. Essi hanno diritto al solo rimborso delle spese effettivamente sostenute e documentate per le attivit\u00e0 strettamente connesse al funzionamento del Comitato, secondo la normativa vigente. Le spese per il funzionamento sono poste a carico del contributo di cui all&#8217;articolo 2. 7. Il Comitato nazionale \u00e8 sottoposto alla vigilanza del Ministero della cultura. A tale fine, il Comitato elabora e trasmette al Ministero, con cadenza annuale, rendiconti sull&#8217;utilizzo del finanziamento ricevuto, nonch\u00e8 l&#8217;ulteriore documentazione eventualmente richiesta dal medesimo Ministero. 8. Il Comitato nazionale opera presso il Ministero della cultura. Esso assicura l&#8217;integrazione e la coerenza del programma culturale di cui all&#8217;articolo 4, comma 2, con le attivit\u00e0 del Comitato per gli anniversari di interesse nazionale, istituito presso la Presidenza del Consiglio dei ministri. <\/p>\n<\/div>\n<\/div><div id=\"cmsmasters_tab_oox272vt4y\" class=\"cmsmasters_tab\">\n<div class=\"cmsmasters_tab_inner\">\n<p> <strong>Durata e compiti del Comitato nazionale<\/strong> 1. Il Comitato nazionale opera a decorrere dalla data di adozione del decreto di nomina di cui all&#8217;articolo 3, comma 1, e resta in carica fino alla data del 30 aprile 2028. 2. Il Comitato nazionale ha il compito di elaborare un programma culturale relativo alla vita, all&#8217;opera e ai luoghi legati alla figura di San Francesco d&#8217;Assisi, comprendente attivit\u00e0 di restauro di cose mobili o immobili sottoposte a tutela ai sensi del codice dei beni culturali e del paesaggio, di cui al decreto legislativo 22 gennaio 2004, n. 42, nonch\u00e8 attivit\u00e0 di ricerca, editoriali, formative, espositive e di organizzazione e gestione di manifestazioni in ambito culturale, storico, letterario, scientifico e artistico di elevato valore, in una prospettiva di internazionalizzazione, di promozione turistica e di innovazione tecnologica nonch\u00e8 di attenzione agli aspetti del messaggio francescano riguardanti il rispetto e la cura dell&#8217;ambiente, il dialogo tra le religioni e la pacifica convivenza tra i popoli, al fine di divulgare in Italia e all&#8217;estero, anche mediante piattaforme digitali, la conoscenza del pensiero, dell&#8217;opera, della cultura e dell&#8217;eredit\u00e0 del personaggio. In particolare, il Comitato nazionale ha il compito di: a) elaborare il piano delle iniziative culturali per la divulgazione e la diffusione della conoscenza della vita e dell&#8217;opera di San Francesco d&#8217;Assisi, anche con riferimento ai settori della formazione scolastica, dell&#8217;alta formazione artistica, musicale e coreutica, dell&#8217;universit\u00e0 e della ricerca, tenendo conto degli eventuali riflessi della sua opera in ambito internazionale; b) predisporre il piano economico sulla base delle risorse finanziarie assegnate dalla presente legge e tenendo conto degli eventuali contributi, lasciti, donazioni e liberalit\u00e0 di cui all&#8217;articolo 2, comma 4; c) elaborare programmi volti a promuovere attivit\u00e0 culturali connesse alla celebrazione, da realizzare attraverso il coinvolgimento di enti pubblici o privati, dotati di comprovata esperienza, capaci di apportare ogni utile contributo o risorsa economica; d) predisporre programmi intesi a favorire processi di sviluppo culturale nel territorio, nonch\u00e8 di valorizzazione e promozione turistica dei luoghi e dei cammini francescani e di promozione commerciale in ambito culturale connessi alla celebrazione. 3. Nell&#8217;ambito dei programmi di cui al comma 2, lettera c), sono ricomprese: a) la pubblicazione dell&#8217;edizione delle fonti sulla vita e sull&#8217;opera di San Francesco d&#8217;Assisi e sulle origini dell&#8217;Ordine francescano fino al XIV secolo, a cura della Societ\u00e0 internazionale di studi francescani associazione di promozione sociale, con sede in Assisi, che vi provvede in coordinamento con l&#8217;Edizione nazionale delle fonti francescane, di cui al decreto del Ministro per i beni e le attivit\u00e0 culturali del 2 agosto 2007; b) la pubblicazione del catalogo dei codici medievali del Fondo antico comunale e la catalogazione del Fondo antico dei libri a stampa della Biblioteca comunale conservati presso il Sacro Convento in Assisi, a cura della Societ\u00e0 internazionale di studi francescani, in collaborazione con il medesimo Sacro Convento. 4. I piani di cui alle lettere a) e b) e i programmi di cui alle lettere c) e d) del comma 2 sono sottoposti all&#8217;approvazione del Ministero della cultura e del Ministero del turismo. <\/p>\n<\/div>\n<\/div><div id=\"cmsmasters_tab_uosgv82n5\" class=\"cmsmasters_tab\">\n<div class=\"cmsmasters_tab_inner\">\n<p> <strong>Disposizioni finanziarie<\/strong> 1. Agli oneri derivanti dall&#8217;articolo 2, comma 2, pari a 200.000 euro per l&#8217;anno 2022, 500.000 euro per l&#8217;anno 2023, 500.000 euro per l&#8217;anno 2024, 1 milione di euro per l&#8217;anno 2025, 2 milioni di euro per l&#8217;anno 2026, 300.000 euro per l&#8217;anno 2027 e 10.000 euro per l&#8217;anno 2028, si provvede mediante corrispondente riduzione del Fondo di cui all&#8217;articolo 1, comma 200, della legge 23 dicembre 2014, n. 190. <\/p>\n<\/div>\n<\/div><\/div>\n<\/div>\n<\/div><\/div>\n<\/div>\n<\/div>\n<\/div>\n<\/div>\n<\/div>\n<div id=\"cmsmasters_row_\" class=\"cmsmasters_row cmsmasters_color_scheme_default cmsmasters_row_top_default cmsmasters_row_bot_default cmsmasters_row_boxed\">\n<div class=\"cmsmasters_row_outer_parent\">\n<div class=\"cmsmasters_row_outer\">\n<div class=\"cmsmasters_row_inner\">\n<div class=\"cmsmasters_row_margin\">\n<div id=\"cmsmasters_column_\" class=\"cmsmasters_column one_first\">\n<div class=\"cmsmasters_column_inner\"><div class=\"cmsmasters_text\">\n<p><!-- \/wp:shortcode --><\/p>\n<p><!-- wp:paragraph --><\/p>\n<\/div>\n<\/div><\/div>\n<\/div>\n<\/div>\n<\/div>\n<\/div>\n<\/div>\n<div id=\"cmsmasters_row_d0pdjulvw8\" class=\"cmsmasters_row cmsmasters_color_scheme_default cmsmasters_row_top_default cmsmasters_row_bot_default cmsmasters_row_boxed\">\n<div class=\"cmsmasters_row_outer_parent\">\n<div class=\"cmsmasters_row_outer\">\n<div class=\"cmsmasters_row_inner\">\n<div class=\"cmsmasters_row_margin\">\n<div id=\"cmsmasters_column_aut2u2xq8o\" class=\"cmsmasters_column one_first\">\n<div class=\"cmsmasters_column_inner\"><\/div><\/div>\n<\/div>\n<\/div>\n<\/div>\n<\/div>\n<\/div>\n","protected":false},"excerpt":{"rendered":"","protected":false},"author":1,"featured_media":0,"parent":0,"menu_order":0,"comment_status":"closed","ping_status":"closed","template":"","meta":{"footnotes":""},"class_list":["post-15162","page","type-page","status-publish","hentry"],"_links":{"self":[{"href":"https:\/\/sanfrancesco800.cultura.gov.it\/index.php?rest_route=\/wp\/v2\/pages\/15162","targetHints":{"allow":["GET"]}}],"collection":[{"href":"https:\/\/sanfrancesco800.cultura.gov.it\/index.php?rest_route=\/wp\/v2\/pages"}],"about":[{"href":"https:\/\/sanfrancesco800.cultura.gov.it\/index.php?rest_route=\/wp\/v2\/types\/page"}],"author":[{"embeddable":true,"href":"https:\/\/sanfrancesco800.cultura.gov.it\/index.php?rest_route=\/wp\/v2\/users\/1"}],"replies":[{"embeddable":true,"href":"https:\/\/sanfrancesco800.cultura.gov.it\/index.php?rest_route=%2Fwp%2Fv2%2Fcomments&post=15162"}],"version-history":[{"count":141,"href":"https:\/\/sanfrancesco800.cultura.gov.it\/index.php?rest_route=\/wp\/v2\/pages\/15162\/revisions"}],"predecessor-version":[{"id":20624,"href":"https:\/\/sanfrancesco800.cultura.gov.it\/index.php?rest_route=\/wp\/v2\/pages\/15162\/revisions\/20624"}],"wp:attachment":[{"href":"https:\/\/sanfrancesco800.cultura.gov.it\/index.php?rest_route=%2Fwp%2Fv2%2Fmedia&parent=15162"}],"curies":[{"name":"wp","href":"https:\/\/api.w.org\/{rel}","templated":true}]}}